{"id":3,"date":"2019-08-06T06:29:11","date_gmt":"2019-08-06T06:29:11","guid":{"rendered":"https:\/\/www.lieblings-lisa.de\/?page_id=3"},"modified":"2020-01-05T22:49:10","modified_gmt":"2020-01-05T21:49:10","slug":"datenschutz","status":"publish","type":"page","link":"https:\/\/www.lieblings-lisa.de\/?page_id=3","title":{"rendered":"Datenschutz"},"content":{"rendered":"<p><div class=\"fusion-fullwidth fullwidth-box fusion-builder-row-1 nonhundred-percent-fullwidth non-hundred-percent-height-scrolling\" style=\"--awb-border-radius-top-left:0px;--awb-border-radius-top-right:0px;--awb-border-radius-bottom-right:0px;--awb-border-radius-bottom-left:0px;--awb-padding-top:5%;--awb-padding-right:5%;--awb-padding-bottom:5%;--awb-padding-left:5%;--awb-background-color:#f6f6f6;--awb-flex-wrap:wrap;\" ><div class=\"fusion-builder-row fusion-row\"><div class=\"fusion-layout-column fusion_builder_column fusion-builder-column-0 fusion_builder_column_1_1 1_1 fusion-one-full fusion-column-first fusion-column-last fusion-animated\" style=\"--awb-bg-size:cover;--awb-margin-bottom:30px;\" data-animationType=\"slideInLeft\" data-animationDuration=\"0.3\" data-animationOffset=\"top-into-view\"><div class=\"fusion-column-wrapper fusion-column-has-shadow fusion-flex-column-wrapper-legacy\"><div class=\"fusion-image-element fusion-image-align-center in-legacy-container\" style=\"text-align:center;--awb-max-width:525px;--awb-caption-title-font-family:var(--h2_typography-font-family);--awb-caption-title-font-weight:var(--h2_typography-font-weight);--awb-caption-title-font-style:var(--h2_typography-font-style);--awb-caption-title-size:var(--h2_typography-font-size);--awb-caption-title-transform:var(--h2_typography-text-transform);--awb-caption-title-line-height:var(--h2_typography-line-height);--awb-caption-title-letter-spacing:var(--h2_typography-letter-spacing);\"><div class=\"imageframe-align-center\"><span class=\" fusion-imageframe imageframe-none imageframe-1 hover-type-none fusion-animated\" data-animationType=\"rubberBand\" data-animationDuration=\"1.0\" data-animationOffset=\"top-into-view\"><img decoding=\"async\" width=\"1024\" height=\"108\" title=\"Lisas_Lieblingsleckereien_Blog_Food_Kochen_Logo_trenner\" src=\"https:\/\/www.lieblings-lisa.de\/wp-content\/uploads\/2019\/09\/Lisas_Lieblingsleckereien_Blog_Food_Kochen_Logo_trenner.png\" data-orig-src=\"https:\/\/www.lieblings-lisa.de\/wp-content\/uploads\/2019\/09\/Lisas_Lieblingsleckereien_Blog_Food_Kochen_Logo_trenner-1024x108.png\" alt class=\"lazyload img-responsive wp-image-744\" srcset=\"data:image\/svg+xml,%3Csvg%20xmlns%3D%27http%3A%2F%2Fwww.w3.org%2F2000%2Fsvg%27%20width%3D%271049%27%20height%3D%27111%27%20viewBox%3D%270%200%201049%20111%27%3E%3Crect%20width%3D%271049%27%20height%3D%27111%27%20fill-opacity%3D%220%22%2F%3E%3C%2Fsvg%3E\" data-srcset=\"https:\/\/www.lieblings-lisa.de\/wp-content\/uploads\/2019\/09\/Lisas_Lieblingsleckereien_Blog_Food_Kochen_Logo_trenner-200x21.png 200w, https:\/\/www.lieblings-lisa.de\/wp-content\/uploads\/2019\/09\/Lisas_Lieblingsleckereien_Blog_Food_Kochen_Logo_trenner-400x42.png 400w, https:\/\/www.lieblings-lisa.de\/wp-content\/uploads\/2019\/09\/Lisas_Lieblingsleckereien_Blog_Food_Kochen_Logo_trenner-600x63.png 600w, https:\/\/www.lieblings-lisa.de\/wp-content\/uploads\/2019\/09\/Lisas_Lieblingsleckereien_Blog_Food_Kochen_Logo_trenner-800x85.png 800w, https:\/\/www.lieblings-lisa.de\/wp-content\/uploads\/2019\/09\/Lisas_Lieblingsleckereien_Blog_Food_Kochen_Logo_trenner.png 1049w\" data-sizes=\"auto\" data-orig-sizes=\"(max-width: 800px) 100vw, 1024px\" \/><\/span><\/div><\/div><div class=\"fusion-text fusion-text-1\"><h6 style=\"text-align: center;\"><span style=\"color: #dd85ba;\">Datenschutz<\/span><\/h6>\n<\/div><div class=\"fusion-text fusion-text-2\"><div class=\"fusion-text\">\n<h2>Grundlegendes<\/h2>\n<p>F\u00fcr uns hat Datenschutz einen hohen Stellenwert.<\/p>\n<p>Eine Nutzung der Internetseiten von uns ist grunds\u00e4tzlich ohne jede Angabe personenbezogener Daten m\u00f6glich.<\/p>\n<p>Es k\u00f6nnte jedoch eine Verarbeitung personenbezogener Daten erforderlich werden, wenn besondere Services \u00fcber unsere Internetseite in Anspruch genommen werden.<\/p>\n<p>Wir holen generell eine Einwilligung der betroffenen Person ein, wenn es f\u00fcr eine solche Verarbeitung keine gesetzliche Grundlage gibt.<\/p>\n<p>Die Verarbeitung personenbezogener Daten (beispielsweise des Namens, der Anschrift, E-Mail- Adresse oder Telefonnummer einer betroffenen Person) erfolgt stets im Einklang mit der Datenschutz- Grundverordnung und in \u00dcbereinstimmung mit den geltenden landesspezifischen Datenschutzbestimmungen. Mittels dieser Datenschutzerkl\u00e4rung m\u00f6chte unser Unternehmen die \u00d6ffentlichkeit \u00fcber Art, Umfang und Zweck der von uns verarbeiteten personenbezogenen Daten informieren. Ferner werden betroffene Personen mittels dieser Datenschutzerkl\u00e4rung \u00fcber die ihnen zustehenden Rechte aufgekl\u00e4rt.<\/p>\n<p>Wir haben zahlreiche technische und organisatorische Ma\u00dfnahmen umgesetzt, um einen m\u00f6glichst l\u00fcckenlosen Schutz der personenbezogenen Daten sicherzustellen. Dennoch k\u00f6nnen internetbasierte Daten\u00fcbertragungen Sicherheitsl\u00fccken aufweisen, sodass ein absoluter Schutz nicht gew\u00e4hrleistet werden kann. Aus diesem Grund steht es jeder betroffenen Person frei, personenbezogene Daten auch auf alternativen Wegen, beispielsweise telefonisch, an uns zu \u00fcbermitteln.<\/p>\n<h2>Name und Anschrift des f\u00fcr die Verarbeitung Verantwortlichen<\/h2>\n<p>Verantwortlicher im Sinne der Datenschutz-Grundverordnung, sonstiger in den Mitgliedstaaten der Europ\u00e4ischen Union geltenden Datenschutzgesetze und anderer Bestimmungen mit datenschutzrechtlichem Charakter ist die:<\/p>\n<p>Lisa Lehmann<br \/>\nKyffh\u00e4userstra\u00dfe 23<br \/>\n01309 Dresden<br \/>\nTelefon: 0351\/3103753<br \/>\nE-Mail: lisaslieblingsleckereien@googlemail.com<\/p>\n<h2>Name und Anschrift des Datenschutzbeauftragten<\/h2>\n<p>Der Datenschutzbeauftragte des f\u00fcr die Verarbeitung Verantwortlichen ist:<\/p>\n<p>Datenschutzbeauftragter:<br \/>\nLisa Lehmann<br \/>\nKyffh\u00e4userstra\u00dfe 23<br \/>\n01309 Dresden<br \/>\nTelefon: 0351\/3103753<br \/>\nE-Mail: lisaslieblingsleckereien@googlemail.com<\/p>\n<p>Jede betroffene Person kann sich bei Fragen und Anregungen zum Datenschutz direkt an unseren Datenschutzbeauftragten wenden.<\/p>\n<h2>Cookies<\/h2>\n<p>Die Internetseiten verwenden teilweise so genannte Cookies. Cookies richten auf Ihrem Rechner keinen Schaden an und enthalten keine Viren. Cookies dienen dazu, unser Angebot nutzerfreundlicher, effektiver und sicherer zu machen. Cookies sind kleine Textdateien, die auf Ihrem Rechner abgelegt werden und die Ihr Browser speichert.<\/p>\n<p>Die meisten der von uns verwendeten Cookies sind so genannte \u201eSession-Cookies\u201c. Sie werden nach Ende Ihres Besuchs automatisch gel\u00f6scht. Andere Cookies bleiben auf Ihrem Endger\u00e4t gespeichert, bis Sie diese l\u00f6schen. Diese Cookies erm\u00f6glichen es uns, Ihren Browser beim n\u00e4chsten Besuch wiederzuerkennen.<\/p>\n<p>Sie k\u00f6nnen Ihren Browser so einstellen, dass Sie \u00fcber das Setzen von Cookies informiert werden und Cookies nur im Einzelfall erlauben, die Annahme von Cookies f\u00fcr bestimmte F\u00e4lle oder generell ausschlie\u00dfen sowie das automatische L\u00f6schen der Cookies beim Schlie\u00dfen des Browser aktivieren. Bei der Deaktivierung von Cookies kann die Funktionalit\u00e4t dieser Website eingeschr\u00e4nkt sein.<\/p>\n<h2>SSL-Verschl\u00fcsselung<\/h2>\n<p>Unsere Webseite bedient sich einer SSL-Verschl\u00fcsselung. Diese Verschl\u00fcsselung wird zum Beispiel bei Anfragen verwendet, die Sie an uns \u00fcber unsere Webseite stellen. Achten Sie bitte darauf, dass die SSL-Verschl\u00fcsselung bei entsprechenden Aktivit\u00e4ten von Ihrer Seite her aktiviert ist. Der Einsatz der Verschl\u00fcsselung ist leicht zu erkennen: die Anzeige in Ihrer Browseradresszeile zeigt \u201ehttps:\/\/\u201c. \u00dcber SSL verschl\u00fcsselte Daten sind nicht von Dritten lesbar.<\/p>\n<h2>Datenverarbeitung zum Zweck der Vertragsabwicklung<\/h2>\n<p>Wir erheben und speichert ausschlie\u00dflich solche personenbezogenen Daten, die zur Leistungserbringung und Abwicklung unserer Vertragsbeziehung mit Ihnen sowie zu Zahlungszwecken notwendig sind. Diese sind:<\/p>\n<ul>\n<li>Ihren Namen, Ihr Geburtsdatum, Ihre Adresse, Ihre Telefonnummer und Ihre Email-Adresse<\/li>\n<li>der von Ihnen bestellte Tarif mit den jeweiligen Vertragsbestandteilen<\/li>\n<li>die von Ihnen bestellte Domain<\/li>\n<li>Ihre Bankverbindung, sofern Sie uns die Genehmigung zum Lastschrifteinzugsverfahren erteilt haben<\/li>\n<li>Ihre Verbindungsdaten bei der Bestellung, insbesondere die verwendete IP-Adresse<\/li>\n<li>Dauer des Zugriffs<\/li>\n<li>Umfang des Datentransfers<\/li>\n<li>Art des genutzten Teledienstes<\/li>\n<\/ul>\n<p>Wir versichern, dass Ihre vorstehenden Daten durch uns nur zum Zweck der Vertragsabwicklung verwendet werden. Eine Weitergabe erfolgt nur, sofern dies zur Abwicklung des Vertrages und zur Erbringung unserer Leistung sowie zu Zahlungszwecken notwendig und erforderlich ist.<\/p>\n<p>Bei der Registrierung von Domains ist die \u00dcbermittlung Ihres Namens, Ihrer Anschrift, Ihrer Email- Adresse und in besonderen F\u00e4llen Ihrer Telefonnummer an die zust\u00e4ndige Registrierungsstelle erforderlich. Weiterhin werden diese Daten durch die Registrierungsstelle in einer allgemein zug\u00e4nglichen Datenbank (whois-Abfrage) ver\u00f6ffentlicht. Dies ist zur Registrierung und Verwendung der Domain notwendig.<\/p>\n<p>Eine Verwendung der Daten f\u00fcr Zwecke der Werbung, Kundenberatung oder Marktforschung erfolgt nur, sofern Sie ausdr\u00fccklich zugestimmt haben und dies erforderlich ist.<\/p>\n<h2>Erfassung von allgemeinen Daten und Informationen<\/h2>\n<p>Die Internetseiten von uns erfassen mit jedem Aufruf durch eine betroffene Person oder ein automatisiertes System eine Reihe von allgemeinen Daten und Informationen. Diese allgemeinen Daten und Informationen werden in den Logfiles des Servers gespeichert. Erfasst werden k\u00f6nnen die<\/p>\n<p>(a) verwendeten Browsertypen und Versionen, (b) das vom zugreifenden System verwendete Betriebssystem, (c) die Internetseite, von welcher ein zugreifendes System auf unsere Internetseite gelangt (sogenannte Referrer), (d) die Unterwebseiten, welche \u00fcber ein zugreifendes System auf unserer Internetseite angesteuert werden, (e) das Datum und die Uhrzeit eines Zugriffs auf die Internetseite, (f) eine Internet-Protokoll-Adresse (IP-Adresse), (g) der Internet-Service-Provider des zugreifenden Systems und (h) sonstige \u00e4hnliche Daten und Informationen, die der Gefahrenabwehr im Falle von Angriffen auf unsere IT-Systeme dienen.<\/p>\n<p>Bei der Nutzung dieser allgemeinen Daten und Informationen ziehen wir keine R\u00fcckschl\u00fcsse auf die betroffene Person. Diese Informationen werden vielmehr ben\u00f6tigt, um (1) die Inhalte unserer Internetseite korrekt auszuliefern, (2) die Inhalte unserer Internetseite sowie die Werbung f\u00fcr diese zu optimieren, (3) die dauerhafte Funktionsf\u00e4higkeit unserer IT-Systeme und der Technik unserer Internetseite zu gew\u00e4hrleisten, sowie (4) um Strafverfolgungsbeh\u00f6rden im Falle eines Cyberangriffes die zur Strafverfolgung notwendigen Informationen bereitzustellen. Diese anonym erhobenen Daten und Informationen werden durch uns daher einerseits statistisch und ferner mit dem Ziel ausgewertet, den Datenschutz und die Datensicherheit in unserem Unternehmen zu erh\u00f6hen, um letztlich ein optimales Schutzniveau f\u00fcr die von uns verarbeiteten personenbezogenen Daten sicherzustellen. Die anonymen Daten der Server-Logfiles werden getrennt von allen durch eine betroffene Person angegebenen personenbezogenen Daten gespeichert.<\/p>\n<h2>Kontaktm\u00f6glichkeit \u00fcber die Internetseite<\/h2>\n<p>Unsere Website enth\u00e4lt aufgrund von gesetzlichen Vorschriften Angaben, die eine schnelle elektronische Kontaktaufnahme zu unserem Unternehmen sowie eine unmittelbare Kommunikation mit uns erm\u00f6glichen, was ebenfalls eine allgemeine Adresse der sogenannten elektronischen Post (E-Mail-Adresse) umfasst. Sofern eine betroffene Person per E-Mail oder \u00fcber ein Kontaktformular den Kontakt mit dem f\u00fcr die Verarbeitung Verantwortlichen aufnimmt, werden die von der betroffenen Person \u00fcbermittelten personenbezogenen Daten automatisch gespeichert. Solche auf freiwilliger Basis von einer betroffenen Person an den f\u00fcr die Verarbeitung Verantwortlichen \u00fcbermittelten personenbezogenen Daten werden f\u00fcr Zwecke der Bearbeitung oder der Kontaktaufnahme zur betroffenen Person gespeichert. Es erfolgt keine Weitergabe dieser personenbezogenen Daten an Dritte.<\/p>\n<h2>L\u00f6schung und Sperrung von personenbezogenen Daten<\/h2>\n<p>Der f\u00fcr die Verarbeitung Verantwortliche verarbeitet und speichert personenbezogene Daten der betroffenen Person nur f\u00fcr den Zeitraum, der zur Erreichung des Speicherungszwecks erforderlich ist oder sofern dies in Gesetzen oder Vorschriften vorgesehen wurde.<\/p>\n<p>Entf\u00e4llt der Speicherungszweck oder l\u00e4uft eine vorgeschriebene Speicherfrist ab, werden die personenbezogenen Daten entsprechend den gesetzlichen Vorschriften gesperrt oder gel\u00f6scht.<\/p>\n<h2>Datenschutzbestimmungen zu Einsatz und Verwendung von Facebook<\/h2>\n<p>Unser Internetauftritt verlinkt Services des sozialen Netzwerkes facebook.com, welches von der Facebook Inc., 1601 S. California Ave, Palo Alto, CA 94304, USA betrieben wird. Beim Besuch unseres Internet-Auftritts werden keine Daten an Facebook \u00fcbertragen, da keine Plugins von Facebook eingebunden sind.<\/p>\n<p>Bei einem Klick auf einen Facebook-Link oder Facebook-Button gelangen Sie jedoch zu Facebook und dort werden Daten durch Facebook erhoben. Wir haben keinen Einfluss auf den Umfang der Daten, die Facebook erhebt.<\/p>\n<p>Zweck und Umfang der Datenerhebung und die weitere Verarbeitung und Nutzung der Daten durch Facebook sowie Ihre diesbez\u00fcglichen Rechte und Einstellungsm\u00f6glichkeiten zum Schutz Ihrer Privatsph\u00e4re entnehmen Sie bitte den <a href=\"http:\/\/www.facebook.com\/policy.php\">Datenschutzhinweisen von Facebook.<\/a><\/p>\n<p>Wenn Sie bei Facebook Mitglied sind und nicht m\u00f6chten, dass Facebook Daten \u00fcber Sie sammelt und mit Ihren bei Facebook gespeicherten Mitgliedsdaten verkn\u00fcpft, m\u00fcssen Sie sich vor dem Klick auf einen Facebook-Link oder einen Facebook-Button bei Facebook ausloggen.<\/p>\n<h2>Rechtsgrundlage f\u00fcr die Verarbeitung personenbezogener Daten<\/h2>\n<p>Soweit wir f\u00fcr Verarbeitungsvorg\u00e4nge personenbezogener Daten eine Einwilligung der betroffenen Person einholen, dient Art. 6 Abs. 1 lit. a EU-Datenschutzgrundverordnung (DSGVO) als Rechtsgrundlage f\u00fcr die Verarbeitung personenbezogener Daten.<\/p>\n<p>Bei der Verarbeitung von personenbezogenen Daten, die zur Erf\u00fcllung eines Vertrages, dessen Vertragspartei die betroffene Person ist, erforderlich ist, dient Art. 6 Abs. 1 lit. b DSGVO als Rechtsgrundlage. Dies gilt auch f\u00fcr Verarbeitungsvorg\u00e4nge, die zur Durchf\u00fchrung vorvertraglicher Ma\u00dfnahmen erforderlich sind.<\/p>\n<p>Soweit eine Verarbeitung personenbezogener Daten zur Erf\u00fcllung einer rechtlichen Verpflichtung erforderlich ist, der unser Unternehmen unterliegt, dient Art. 6 Abs. 1 lit. c DSGVO als Rechtsgrundlage.<\/p>\n<p>F\u00fcr den Fall, dass lebenswichtige Interessen der betroffenen Person oder einer anderen nat\u00fcrlichen Person eine Verarbeitung personenbezogener Daten erforderlich machen, dient Art. 6 Abs. 1 lit. d DSGVO als Rechtsgrundlage.<\/p>\n<p>Ist die Verarbeitung zur Wahrung eines berechtigten Interesses unseres Unternehmens oder eines Dritten erforderlich und \u00fcberwiegen die Interessen, Grundrechte und Grundfreiheiten des Betroffenen das erstgenannte Interesse nicht, so dient Art. 6 Abs. 1 lit. f DSGVO als Rechtsgrundlage f\u00fcr die Verarbeitung.<\/p>\n<h2>Rechte der betroffenen Person<\/h2>\n<h3>Recht auf Best\u00e4tigung<\/h3>\n<p>Jede betroffene Person hat das vom Europ\u00e4ischen Richtlinien- und Verordnungsgeber einger\u00e4umte Recht, von dem f\u00fcr die Verarbeitung Verantwortlichen eine Best\u00e4tigung dar\u00fcber zu verlangen, ob sie betreffende personenbezogene Daten verarbeitet werden. M\u00f6chte eine betroffene Person dieses Best\u00e4tigungsrecht in Anspruch nehmen, kann sie sich hierzu jederzeit an unseren Datenschutzbeauftragten oder einen anderen Mitarbeiter des f\u00fcr die Verarbeitung Verantwortlichen wenden.<\/p>\n<h3>Recht auf Auskunft<\/h3>\n<p>Jede von der Verarbeitung personenbezogener Daten betroffene Person hat das vom Europ\u00e4ischen Richtlinien- und Verordnungsgeber gew\u00e4hrte Recht, jederzeit von dem f\u00fcr die Verarbeitung Verantwortlichen unentgeltliche Auskunft \u00fcber die zu seiner Person gespeicherten personenbezogenen Daten und eine Kopie dieser Auskunft zu erhalten. Ferner hat der Europ\u00e4ische Richtlinien- und Verordnungsgeber der betroffenen Person Auskunft \u00fcber folgende Informationen zugestanden:<\/p>\n<ul>\n<li>die Verarbeitungszwecke;<\/li>\n<li>die Kategorien personenbezogener Daten, die verarbeitet werden;<\/li>\n<li>die Empf\u00e4nger oder Kategorien von Empf\u00e4ngern, gegen\u00fcber denen die personenbezogenen Daten offengelegt worden sind oder noch offengelegt werden, insbesondere bei Empf\u00e4ngern in Drittl\u00e4ndern oder bei internationalen Organisationen;<\/li>\n<li>falls m\u00f6glich die geplante Dauer, f\u00fcr die die personenbezogenen Daten gespeichert werden, oder, falls dies nicht m\u00f6glich ist, die Kriterien f\u00fcr die Festlegung dieser Dauer;<\/li>\n<li>das Bestehen eines Rechts auf Berichtigung oder L\u00f6schung der sie betreffenden personenbezogenen Daten oder auf Einschr\u00e4nkung der Verarbeitung durch den Verantwortlichen oder eines Widerspruchsrechts gegen diese Verarbeitung;<\/li>\n<li>das Bestehen eines Beschwerderechts bei einer Aufsichtsbeh\u00f6rde;<\/li>\n<li>wenn die personenbezogenen Daten nicht bei der betroffenen Person erhoben werden: Alle verf\u00fcgbaren Informationen \u00fcber die Herkunft der Daten;<\/li>\n<li>das Bestehen einer automatisierten Entscheidungsfindung einschlie\u00dflich Profiling gem\u00e4\u00df Artikel 22 Abs.1 und 4 DS-GVO und \u2013 zumindest in diesen F\u00e4llen \u2013 aussagekr\u00e4ftige Informationen \u00fcber die involvierte Logik sowie die Tragweite und die angestrebten Auswirkungen einer derartigen Verarbeitung f\u00fcr die betroffene<\/li>\n<\/ul>\n<p>Ferner steht der betroffenen Person ein Auskunftsrecht dar\u00fcber zu, ob personenbezogene Daten an ein Drittland oder an eine internationale Organisation \u00fcbermittelt wurden. Sofern dies der Fall ist, so steht der betroffenen Person im \u00dcbrigen das Recht zu, Auskunft \u00fcber die geeigneten Garantien im Zusammenhang mit der \u00dcbermittlung zu erhalten.<\/p>\n<p>M\u00f6chte eine betroffene Person dieses Auskunftsrecht in Anspruch nehmen, kann sie sich hierzu jederzeit an unseren Datenschutzbeauftragten oder einen anderen Mitarbeiter des f\u00fcr die Verarbeitung Verantwortlichen wenden.<\/p>\n<h3>Recht auf Berichtigung<\/h3>\n<p>Jede von der Verarbeitung personenbezogener Daten betroffene Person hat das vom Europ\u00e4ischen Richtlinien- und Verordnungsgeber gew\u00e4hrte Recht, die unverz\u00fcgliche Berichtigung sie betreffender unrichtiger personenbezogener Daten zu verlangen. Ferner steht der betroffenen Person das Recht zu, unter Ber\u00fccksichtigung der Zwecke der Verarbeitung, die Vervollst\u00e4ndigung unvollst\u00e4ndiger personenbezogener Daten \u2013 auch mittels einer erg\u00e4nzenden Erkl\u00e4rung \u2013 zu verlangen.<\/p>\n<p>M\u00f6chte eine betroffene Person dieses Berichtigungsrecht in Anspruch nehmen, kann sie sich hierzu jederzeit an unseren Datenschutzbeauftragten oder einen anderen Mitarbeiter des f\u00fcr die Verarbeitung Verantwortlichen wenden.<\/p>\n<h3>Recht auf L\u00f6schung (Recht auf Vergessen werden)<\/h3>\n<p>Jede von der Verarbeitung personenbezogener Daten betroffene Person hat das vom Europ\u00e4ischen Richtlinien- und Verordnungsgeber gew\u00e4hrte Recht, von dem Verantwortlichen zu verlangen, dass die sie betreffenden personenbezogenen Daten unverz\u00fcglich gel\u00f6scht werden, sofern einer der folgenden Gr\u00fcnde zutrifft und soweit die Verarbeitung nicht erforderlich ist:<\/p>\n<ul>\n<li>Die personenbezogenen Daten wurden f\u00fcr solche Zwecke erhoben oder auf sonstige Weise verarbeitet, f\u00fcr welche sie nicht mehr notwendig<\/li>\n<li>Die betroffene Person widerruft ihre Einwilligung, auf die sich die Verarbeitung gem\u00e4\u00df Art. 6 Abs. 1 Buchstabe a DS-GVO oder Art. 9 Abs. 2 Buchstabe a DS-GVO st\u00fctzte, und es fehlt an einer anderweitigen Rechtsgrundlage f\u00fcr die<\/li>\n<li>Die betroffene Person legt gem\u00e4\u00df Art. 21 Abs. 1 DS-GVO Widerspruch gegen die Verarbeitung ein, und es liegen keine vorrangigen berechtigten Gr\u00fcnde f\u00fcr die Verarbeitung vor, oder die betroffene Person legt gem\u00e4\u00df Art. 21 Abs. 2 DS-GVO Widerspruch gegen die Verarbeitung<\/li>\n<li>Die personenbezogenen Daten wurden unrechtm\u00e4\u00dfig<\/li>\n<li>Die L\u00f6schung der personenbezogenen Daten ist zur Erf\u00fcllung einer rechtlichen Verpflichtung nach dem Unionsrecht oder dem Recht der Mitgliedstaaten erforderlich, dem der Verantwortliche<\/li>\n<li>Die personenbezogenen Daten wurden in Bezug auf angebotene Dienste der Informationsgesellschaft gem\u00e4\u00df Art. 8 Abs. 1 DS-GVO<\/li>\n<\/ul>\n<p>Sofern einer der oben genannten Gr\u00fcnde zutrifft und eine betroffene Person die L\u00f6schung von personenbezogenen Daten, die bei uns gespeichert sind, veranlassen m\u00f6chte, kann sie sich hierzu jederzeit an unseren Datenschutzbeauftragten oder einen anderen Mitarbeiter wenden. Der Datenschutzbeauftragte von uns oder ein anderer Mitarbeiter wird veranlassen, dass dem L\u00f6schverlangen unverz\u00fcglich nachgekommen wird.<\/p>\n<p>Wurden die personenbezogenen Daten von uns \u00f6ffentlich gemacht und ist unser Unternehmen als Verantwortlicher gem\u00e4\u00df Art. 17 Abs. 1 DS-GVO zur L\u00f6schung der personenbezogenen Daten verpflichtet, so trifft uns unter Ber\u00fccksichtigung der verf\u00fcgbaren Technologie und der Implementierungskosten angemessene Ma\u00dfnahmen, um andere f\u00fcr die Datenverarbeitung Verantwortliche, welche die ver\u00f6ffentlichten personenbezogenen Daten verarbeiten, dar\u00fcber in Kenntnis zu setzen, dass die betroffene Person von diesen anderen f\u00fcr die Datenverarbeitung Verantwortlichen die L\u00f6schung s\u00e4mtlicher Links zu diesen personenbezogenen Daten oder von Kopien oder Replikationen dieser personenbezogenen Daten verlangt hat, soweit die Verarbeitung nicht erforderlich ist. Der Datenschutzbeauftragte von uns oder ein anderer Mitarbeiter wird im Einzelfall das Notwendige veranlassen.<\/p>\n<h3>Recht auf Einschr\u00e4nkung der Verarbeitung<\/h3>\n<p>Jede von der Verarbeitung personenbezogener Daten betroffene Person hat das vom Europ\u00e4ischen Richtlinien- und Verordnungsgeber gew\u00e4hrte Recht, von dem Verantwortlichen die Einschr\u00e4nkung der Verarbeitung zu verlangen, wenn eine der folgenden Voraussetzungen gegeben ist<\/p>\n<ul>\n<li>Die Richtigkeit der personenbezogenen Daten wird von der betroffenen Person bestritten, und zwar f\u00fcr eine Dauer, die es dem Verantwortlichen erm\u00f6glicht, die Richtigkeit der personenbezogenen Daten zu \u00fcberpr\u00fcfen.<\/li>\n<li>Die Verarbeitung ist unrechtm\u00e4\u00dfig, die betroffene Person lehnt die L\u00f6schung der personenbezogenen Daten ab und verlangt stattdessen die Einschr\u00e4nkung der Nutzung der personenbezogenen<\/li>\n<li>Der Verantwortliche ben\u00f6tigt die personenbezogenen Daten f\u00fcr die Zwecke der Verarbeitung nicht l\u00e4nger, die betroffene Person ben\u00f6tigt sie jedoch zur Geltendmachung, Aus\u00fcbung oder Verteidigung von Rechtsanspr\u00fcchen.<\/li>\n<li>Die betroffene Person hat Widerspruch gegen die Verarbeitung gem. Art. 21 Abs. 1 DS-GVO eingelegt und es steht noch nicht fest, ob die berechtigten Gr\u00fcnde des Verantwortlichen gegen\u00fcber denen der betroffenen Person \u00fcberwiegen.<\/li>\n<\/ul>\n<p>Sofern eine der oben genannten Voraussetzungen gegeben ist und eine betroffene Person die Einschr\u00e4nkung von personenbezogenen Daten, die bei uns gespeichert sind, verlangen m\u00f6chte, kann sie sich hierzu jederzeit an unseren Datenschutzbeauftragten oder einen anderen Mitarbeiter des f\u00fcr die Verarbeitung Verantwortlichen wenden. Der Datenschutzbeauftragte von uns oder ein anderer Mitarbeiter wird die Einschr\u00e4nkung der Verarbeitung veranlassen.<\/p>\n<h3>Recht auf Daten\u00fcbertragbarkeit<\/h3>\n<p>Jede von der Verarbeitung personenbezogener Daten betroffene Person hat das vom Europ\u00e4ischen Richtlinien- und Verordnungsgeber gew\u00e4hrte Recht, die sie betreffenden personenbezogenen Daten, welche durch die betroffene Person einem Verantwortlichen bereitgestellt wurden, in einem strukturierten, g\u00e4ngigen und maschinenlesbaren Format zu erhalten. Sie hat au\u00dferdem das Recht, diese Daten einem anderen Verantwortlichen ohne Behinderung durch den Verantwortlichen, dem die personenbezogenen Daten bereitgestellt wurden, zu \u00fcbermitteln, sofern die Verarbeitung auf der Einwilligung gem\u00e4\u00df Art. 6 Abs. 1 Buchstabe a DS-GVO oder Art. 9 Abs. 2 Buchstabe a DS-GVO oder auf einem Vertrag gem\u00e4\u00df Art. 6 Abs. 1 Buchstabe b DS-GVO beruht und die Verarbeitung mithilfe automatisierter Verfahren erfolgt, sofern die Verarbeitung nicht f\u00fcr die Wahrnehmung einer Aufgabe erforderlich ist, die im \u00f6ffentlichen Interesse liegt oder in Aus\u00fcbung \u00f6ffentlicher Gewalt erfolgt, welche dem Verantwortlichen \u00fcbertragen wurde.<\/p>\n<p>Ferner hat die betroffene Person bei der Aus\u00fcbung ihres Rechts auf Daten\u00fcbertragbarkeit gem\u00e4\u00df Art. 20 Abs. 1 DS-GVO das Recht, zu erwirken, dass die personenbezogenen Daten direkt von einem Verantwortlichen an einen anderen Verantwortlichen \u00fcbermittelt werden, soweit dies technisch machbar ist und sofern hiervon nicht die Rechte und Freiheiten anderer Personen beeintr\u00e4chtigt werden.<\/p>\n<p>Zur Geltendmachung des Rechts auf Daten\u00fcbertragbarkeit kann sich die betroffene Person jederzeit an den von uns bestellten Datenschutzbeauftragten oder einen anderen Mitarbeiter wenden.<\/p>\n<h2><\/h2>\n<h3>Recht auf Widerspruch<\/h3>\n<p>Jede von der Verarbeitung personenbezogener Daten betroffene Person hat das vom Europ\u00e4ischen Richtlinien- und Verordnungsgeber gew\u00e4hrte Recht, aus Gr\u00fcnden, die sich aus ihrer besonderen Situation ergeben, jederzeit gegen die Verarbeitung sie betreffender personenbezogener Daten, die aufgrund von Art. 6 Abs. 1 Buchstaben e oder f DS-GVO erfolgt, Widerspruch einzulegen.<\/p>\n<p>Wir verarbeiten die personenbezogenen Daten im Falle des Widerspruchs nicht mehr, es sei denn, wir k\u00f6nnen zwingende schutzw\u00fcrdige Gr\u00fcnde f\u00fcr die Verarbeitung nachweisen, die den Interessen, Rechten und Freiheiten der betroffenen Person \u00fcberwiegen, oder die Verarbeitung dient der Geltendmachung, Aus\u00fcbung oder Verteidigung von Rechtsanspr\u00fcchen.<\/p>\n<p>Verarbeiten wir personenbezogene Daten, um Direktwerbung zu betreiben, so hat die betroffene Person das Recht, jederzeit Widerspruch gegen die Verarbeitung der personenbezogenen Daten zum Zwecke derartiger Werbung einzulegen. Widerspricht die betroffene Person gegen\u00fcber uns der Verarbeitung f\u00fcr Zwecke der Direktwerbung, so werden wir die personenbezogenen Daten nicht mehr f\u00fcr diese Zwecke verarbeiten.<\/p>\n<p>Zur Aus\u00fcbung des Rechts auf Widerspruch kann sich die betroffene Person direkt an den Datenschutzbeauftragten von uns oder einen anderen Mitarbeiter wenden. Der betroffenen Person steht es ferner frei, im Zusammenhang mit der Nutzung von Diensten der Informationsgesellschaft, ungeachtet der Richtlinie 2002\/58\/EG, ihr Widerspruchsrecht mittels automatisierter Verfahren auszu\u00fcben, bei denen technische Spezifikationen verwendet werden.<\/p>\n<h3>Recht auf Widerruf einer datenschutzrechtlichen Einwilligung<\/h3>\n<p>Jede von der Verarbeitung personenbezogener Daten betroffene Person hat das vom Europ\u00e4ischen Richtlinien- und Verordnungsgeber gew\u00e4hrte Recht, eine Einwilligung zur Verarbeitung personenbezogener Daten jederzeit zu widerrufen.<\/p>\n<p>M\u00f6chte die betroffene Person ihr Recht auf Widerruf einer Einwilligung geltend machen, kann sie sich hierzu jederzeit an unseren Datenschutzbeauftragten oder einen anderen Mitarbeiter des f\u00fcr die Verarbeitung Verantwortlichen wenden.<\/p>\n<\/div>\n<\/div><div class=\"fusion-clearfix\"><\/div><\/div><\/div><\/div><\/div><div class=\"fusion-fullwidth fullwidth-box fusion-builder-row-2 no-print nonhundred-percent-fullwidth non-hundred-percent-height-scrolling\" style=\"--awb-border-radius-top-left:0px;--awb-border-radius-top-right:0px;--awb-border-radius-bottom-right:0px;--awb-border-radius-bottom-left:0px;--awb-margin-top:30px;--awb-margin-bottom:30px;--awb-flex-wrap:wrap;\" ><div class=\"fusion-builder-row fusion-row\"><div class=\"fusion-layout-column fusion_builder_column fusion-builder-column-1 fusion_builder_column_1_1 1_1 fusion-one-full fusion-column-first fusion-column-last fusion-animated\" style=\"--awb-bg-size:cover;\" data-animationType=\"slideInUp\" data-animationDuration=\"0.3\" data-animationOffset=\"top-into-view\"><div class=\"fusion-column-wrapper fusion-column-has-shadow fusion-flex-column-wrapper-legacy\"><div class=\"fusion-aligncenter\"><a class=\"fusion-button button-flat fusion-button-default-size button-default fusion-button-default button-1 fusion-button-default-span fusion-button-default-type\" target=\"_self\" href=\"\/rezepte\"><span class=\"fusion-button-text awb-button__text awb-button__text--default\">Und hier geht es zu den Rezepten<\/span><\/a><\/div><div class=\"fusion-clearfix\"><\/div><\/div><\/div><\/div><\/div><div class=\"fusion-fullwidth fullwidth-box fusion-builder-row-3 no-print nonhundred-percent-fullwidth non-hundred-percent-height-scrolling\" style=\"--awb-border-radius-top-left:0px;--awb-border-radius-top-right:0px;--awb-border-radius-bottom-right:0px;--awb-border-radius-bottom-left:0px;--awb-margin-top:30px;--awb-flex-wrap:wrap;\" ><div class=\"fusion-builder-row fusion-row\"><div class=\"fusion-layout-column fusion_builder_column fusion-builder-column-2 fusion_builder_column_1_1 1_1 fusion-one-full fusion-column-first fusion-column-last fusion-animated\" style=\"--awb-bg-size:cover;\" data-animationType=\"rubberBand\" data-animationDuration=\"0.5\" data-animationOffset=\"top-into-view\"><div class=\"fusion-column-wrapper fusion-column-has-shadow fusion-flex-column-wrapper-legacy\"><div class=\"fusion-image-element fusion-image-align-center in-legacy-container\" style=\"text-align:center;--awb-max-width:525px;--awb-caption-title-font-family:var(--h2_typography-font-family);--awb-caption-title-font-weight:var(--h2_typography-font-weight);--awb-caption-title-font-style:var(--h2_typography-font-style);--awb-caption-title-size:var(--h2_typography-font-size);--awb-caption-title-transform:var(--h2_typography-text-transform);--awb-caption-title-line-height:var(--h2_typography-line-height);--awb-caption-title-letter-spacing:var(--h2_typography-letter-spacing);\"><div class=\"imageframe-align-center\"><span class=\" fusion-imageframe imageframe-none imageframe-2 hover-type-none fusion-animated\" data-animationType=\"rubberBand\" data-animationDuration=\"1.0\" data-animationOffset=\"top-into-view\"><img decoding=\"async\" width=\"1024\" height=\"108\" title=\"Lisas_Lieblingsleckereien_Blog_Food_Kochen_Logo_trenner\" src=\"https:\/\/www.lieblings-lisa.de\/wp-content\/uploads\/2019\/09\/Lisas_Lieblingsleckereien_Blog_Food_Kochen_Logo_trenner.png\" data-orig-src=\"https:\/\/www.lieblings-lisa.de\/wp-content\/uploads\/2019\/09\/Lisas_Lieblingsleckereien_Blog_Food_Kochen_Logo_trenner-1024x108.png\" alt class=\"lazyload img-responsive wp-image-744\" srcset=\"data:image\/svg+xml,%3Csvg%20xmlns%3D%27http%3A%2F%2Fwww.w3.org%2F2000%2Fsvg%27%20width%3D%271049%27%20height%3D%27111%27%20viewBox%3D%270%200%201049%20111%27%3E%3Crect%20width%3D%271049%27%20height%3D%27111%27%20fill-opacity%3D%220%22%2F%3E%3C%2Fsvg%3E\" data-srcset=\"https:\/\/www.lieblings-lisa.de\/wp-content\/uploads\/2019\/09\/Lisas_Lieblingsleckereien_Blog_Food_Kochen_Logo_trenner-200x21.png 200w, https:\/\/www.lieblings-lisa.de\/wp-content\/uploads\/2019\/09\/Lisas_Lieblingsleckereien_Blog_Food_Kochen_Logo_trenner-400x42.png 400w, https:\/\/www.lieblings-lisa.de\/wp-content\/uploads\/2019\/09\/Lisas_Lieblingsleckereien_Blog_Food_Kochen_Logo_trenner-600x63.png 600w, https:\/\/www.lieblings-lisa.de\/wp-content\/uploads\/2019\/09\/Lisas_Lieblingsleckereien_Blog_Food_Kochen_Logo_trenner-800x85.png 800w, https:\/\/www.lieblings-lisa.de\/wp-content\/uploads\/2019\/09\/Lisas_Lieblingsleckereien_Blog_Food_Kochen_Logo_trenner.png 1049w\" data-sizes=\"auto\" data-orig-sizes=\"(max-width: 800px) 100vw, 1024px\" \/><\/span><\/div><\/div><div class=\"fusion-text fusion-text-3 head-six-comment\"><h6 style=\"text-align: center;\"><span style=\"color: #dd85ba;\">Vorgeschmack gef\u00e4llig?<br \/>\n<\/span><\/h6>\n<\/div><div class=\"fusion-clearfix\"><\/div><\/div><\/div><\/div><\/div><div class=\"fusion-fullwidth fullwidth-box fusion-builder-row-4 no-print nonhundred-percent-fullwidth non-hundred-percent-height-scrolling\" style=\"--awb-border-radius-top-left:0px;--awb-border-radius-top-right:0px;--awb-border-radius-bottom-right:0px;--awb-border-radius-bottom-left:0px;--awb-flex-wrap:wrap;\" ><div class=\"fusion-builder-row fusion-row\"><div class=\"fusion-layout-column fusion_builder_column fusion-builder-column-3 fusion_builder_column_1_1 1_1 fusion-one-full fusion-column-first fusion-column-last fusion-animated\" style=\"--awb-bg-size:cover;\" data-animationType=\"slideInUp\" data-animationDuration=\"0.3\" data-animationOffset=\"top-into-view\"><div class=\"fusion-column-wrapper fusion-column-has-shadow fusion-flex-column-wrapper-legacy\"><div class=\"fusion-blog-shortcode fusion-blog-shortcode-1 fusion-blog-archive fusion-blog-layout-grid-wrapper fusion-blog-no fusion-blog-layout-left\"><style type=\"text\/css\">.fusion-blog-shortcode-1 .fusion-blog-layout-grid .fusion-post-grid{padding:13.5px;}.fusion-blog-shortcode-1 .fusion-posts-container{margin-left: -13.5px !important; margin-right:-13.5px !important;}<\/style><div class=\"fusion-posts-container fusion-posts-container-no fusion-no-meta-info fusion-blog-rollover fusion-blog-layout-grid fusion-blog-layout-grid-2 isotope fusion-blog-equal-heights\" data-pages=\"45\" data-grid-col-space=\"27\" style=\"margin: -13.5px -13.5px 0;min-height:500px;\"><article id=\"blog-1-post-1105\" class=\"fusion-post-grid post-1105 post type-post status-publish format-standard has-post-thumbnail hentry category-suesse-suende tag-apfel tag-dessert tag-im-glas tag-spekulatius\">\n<div class=\"fusion-post-wrapper\" style=\"background-color:rgba(242,242,242,1);border:none;\">\n\n\t\t\t<div class=\"fusion-flexslider flexslider fusion-flexslider-loading fusion-post-slideshow\" style=\"border-color:rgba(235,234,234,0);\">\n\t\t<ul class=\"slides\">\n\t\t\t\n\t\t\t\t\t\t\t\t\t\t\t\t\t\t<li><div  class=\"fusion-image-wrapper\" aria-haspopup=\"true\">\n\t\t\t\t<img decoding=\"async\" width=\"1708\" height=\"1286\" src=\"https:\/\/www.lieblings-lisa.de\/wp-content\/uploads\/2020\/01\/CA1-scaled-e1579379070135.jpg\" class=\"attachment-full size-full lazyload wp-post-image\" alt=\"\" srcset=\"data:image\/svg+xml,%3Csvg%20xmlns%3D%27http%3A%2F%2Fwww.w3.org%2F2000%2Fsvg%27%20width%3D%271708%27%20height%3D%271286%27%20viewBox%3D%270%200%201708%201286%27%3E%3Crect%20width%3D%271708%27%20height%3D%271286%27%20fill-opacity%3D%220%22%2F%3E%3C%2Fsvg%3E\" data-orig-src=\"https:\/\/www.lieblings-lisa.de\/wp-content\/uploads\/2020\/01\/CA1-scaled-e1579379070135.jpg\" data-srcset=\"https:\/\/www.lieblings-lisa.de\/wp-content\/uploads\/2020\/01\/CA1-scaled-e1579379070135-200x151.jpg 200w, https:\/\/www.lieblings-lisa.de\/wp-content\/uploads\/2020\/01\/CA1-scaled-e1579379070135-400x301.jpg 400w, https:\/\/www.lieblings-lisa.de\/wp-content\/uploads\/2020\/01\/CA1-scaled-e1579379070135-600x452.jpg 600w, https:\/\/www.lieblings-lisa.de\/wp-content\/uploads\/2020\/01\/CA1-scaled-e1579379070135-800x602.jpg 800w, https:\/\/www.lieblings-lisa.de\/wp-content\/uploads\/2020\/01\/CA1-scaled-e1579379070135-1200x904.jpg 1200w, https:\/\/www.lieblings-lisa.de\/wp-content\/uploads\/2020\/01\/CA1-scaled-e1579379070135.jpg 1708w\" data-sizes=\"auto\" \/><div class=\"fusion-rollover\">\n\t<div class=\"fusion-rollover-content\">\n\n\t\t\t\t\t\t\t\t\t\t\n\t\t\t\t\t\t\t\t\t\t\t\t\t\t\n\t\t\t\t\t\t\t\t\n\t\t\t\t\t\t\t\t\n\t\t\t\t\t\t\t\t\t\t\t\t\t\t\t\t\t\t<a class=\"fusion-rollover-gallery\" href=\"https:\/\/www.lieblings-lisa.de\/wp-content\/uploads\/2020\/01\/CA1-scaled-e1579379070135.jpg\" data-options=\"\" data-id=\"1105\" data-rel=\"iLightbox[gallery]\" data-title=\"CA1\" data-caption=\"\">\n\t\t\t\t\t\tGallerie\t\t\t\t\t<\/a>\n\t\t\t\t\t\t\t\t\t\t\t\t\t\t\n\t\t\n\t\t\t\t\t\t\t\t\t\t\t\t<h4 class=\"fusion-rollover-title\">\n\t\t\t\t\t<a class=\"fusion-rollover-title-link\" href=\"https:\/\/www.lieblings-lisa.de\/?p=1105\">\n\t\t\t\t\t\tJoghurt mit Apfel-Zimt-Kompott und Spekulatius-Granola\t\t\t\t\t<\/a>\n\t\t\t\t<\/h4>\n\t\t\t\n\t\t\t\t\t\t\t\t\t\t<div class=\"fusion-rollover-categories\"><a href=\"https:\/\/www.lieblings-lisa.de\/?cat=37\" rel=\"tag\">S\u00fc\u00dfe S\u00fcnde<\/a><\/div>\t\t\t\t\t\n\t\t\n\t\t\t\t\t\t<a class=\"fusion-link-wrapper\" href=\"https:\/\/www.lieblings-lisa.de\/?p=1105\" aria-label=\"Joghurt mit Apfel-Zimt-Kompott und Spekulatius-Granola\"><\/a>\n\t<\/div>\n<\/div>\n<\/div>\n<\/li>\n\t\t\t\n\t\t\t\n\t\t\t\t\t\t\t\t\t\t\t\t\t\t\t\t\t\t\t\t\t\t\t\t\t\t\t\t\t\t\t\t\t\t\t\t\t\t\t\t\t\t\t\t\t\t\t\t\t\t\t\t\t\t\t\t\t\t\t\t\t\t\t\t\t\t\t\t<\/ul>\n\t<\/div>\n\t<div class=\"fusion-post-content-wrapper\" style=\"padding:30px 25px 20px 25px; display:none;\"><div class=\"fusion-post-content post-content\"><\/div><\/div><div class=\"fusion-clearfix\"><\/div><\/div>\n<\/article>\n<article id=\"blog-1-post-1129\" class=\"fusion-post-grid post-1129 post type-post status-publish format-standard has-post-thumbnail hentry category-trinkbares\">\n<div class=\"fusion-post-wrapper\" style=\"background-color:rgba(242,242,242,1);border:none;\">\n\n\t\t\t<div class=\"fusion-flexslider flexslider fusion-flexslider-loading fusion-post-slideshow\" style=\"border-color:rgba(235,234,234,0);\">\n\t\t<ul class=\"slides\">\n\t\t\t\n\t\t\t\t\t\t\t\t\t\t\t\t\t\t<li><div  class=\"fusion-image-wrapper\" aria-haspopup=\"true\">\n\t\t\t\t<img decoding=\"async\" width=\"1707\" height=\"1285\" src=\"https:\/\/www.lieblings-lisa.de\/wp-content\/uploads\/2020\/01\/B2-scaled-e1578318416527.jpg\" class=\"attachment-full size-full lazyload wp-post-image\" alt=\"\" srcset=\"data:image\/svg+xml,%3Csvg%20xmlns%3D%27http%3A%2F%2Fwww.w3.org%2F2000%2Fsvg%27%20width%3D%271707%27%20height%3D%271285%27%20viewBox%3D%270%200%201707%201285%27%3E%3Crect%20width%3D%271707%27%20height%3D%271285%27%20fill-opacity%3D%220%22%2F%3E%3C%2Fsvg%3E\" data-orig-src=\"https:\/\/www.lieblings-lisa.de\/wp-content\/uploads\/2020\/01\/B2-scaled-e1578318416527.jpg\" data-srcset=\"https:\/\/www.lieblings-lisa.de\/wp-content\/uploads\/2020\/01\/B2-scaled-e1578318416527-200x151.jpg 200w, https:\/\/www.lieblings-lisa.de\/wp-content\/uploads\/2020\/01\/B2-scaled-e1578318416527-400x301.jpg 400w, https:\/\/www.lieblings-lisa.de\/wp-content\/uploads\/2020\/01\/B2-scaled-e1578318416527-600x452.jpg 600w, https:\/\/www.lieblings-lisa.de\/wp-content\/uploads\/2020\/01\/B2-scaled-e1578318416527-800x602.jpg 800w, https:\/\/www.lieblings-lisa.de\/wp-content\/uploads\/2020\/01\/B2-scaled-e1578318416527-1200x903.jpg 1200w, https:\/\/www.lieblings-lisa.de\/wp-content\/uploads\/2020\/01\/B2-scaled-e1578318416527.jpg 1707w\" data-sizes=\"auto\" \/><div class=\"fusion-rollover\">\n\t<div class=\"fusion-rollover-content\">\n\n\t\t\t\t\t\t\t\t\t\t\n\t\t\t\t\t\t\t\t\t\t\t\t\t\t\n\t\t\t\t\t\t\t\t\n\t\t\t\t\t\t\t\t\n\t\t\t\t\t\t\t\t\t\t\t\t\t\t\t\t\t\t<a class=\"fusion-rollover-gallery\" href=\"https:\/\/www.lieblings-lisa.de\/wp-content\/uploads\/2020\/01\/B2-scaled-e1578318416527.jpg\" data-options=\"\" data-id=\"1129\" data-rel=\"iLightbox[gallery]\" data-title=\"B2\" data-caption=\"\">\n\t\t\t\t\t\tGallerie\t\t\t\t\t<\/a>\n\t\t\t\t\t\t\t\t\t\t\t\t\t\t\n\t\t\n\t\t\t\t\t\t\t\t\t\t\t\t<h4 class=\"fusion-rollover-title\">\n\t\t\t\t\t<a class=\"fusion-rollover-title-link\" href=\"https:\/\/www.lieblings-lisa.de\/?p=1129\">\n\t\t\t\t\t\tFruchtiger Avocado-Minz-Smoothie\t\t\t\t\t<\/a>\n\t\t\t\t<\/h4>\n\t\t\t\n\t\t\t\t\t\t\t\t\t\t<div class=\"fusion-rollover-categories\"><a href=\"https:\/\/www.lieblings-lisa.de\/?cat=73\" rel=\"tag\">Trinkbares<\/a><\/div>\t\t\t\t\t\n\t\t\n\t\t\t\t\t\t<a class=\"fusion-link-wrapper\" href=\"https:\/\/www.lieblings-lisa.de\/?p=1129\" aria-label=\"Fruchtiger Avocado-Minz-Smoothie\"><\/a>\n\t<\/div>\n<\/div>\n<\/div>\n<\/li>\n\t\t\t\n\t\t\t\n\t\t\t\t\t\t\t\t\t\t\t\t\t\t\t\t\t\t\t\t\t\t\t\t\t\t\t\t\t\t\t\t\t\t\t\t\t\t\t\t\t\t\t\t\t\t\t\t\t\t\t\t\t\t\t\t\t\t\t\t\t\t\t\t\t\t\t\t<\/ul>\n\t<\/div>\n\t<div class=\"fusion-post-content-wrapper\" style=\"padding:30px 25px 20px 25px; display:none;\"><div class=\"fusion-post-content post-content\"><\/div><\/div><div class=\"fusion-clearfix\"><\/div><\/div>\n<\/article>\n<div class=\"fusion-clearfix\"><\/div><\/div><\/div><div class=\"fusion-clearfix\"><\/div><\/div><\/div><\/div><\/div><div class=\"fusion-fullwidth fullwidth-box fusion-builder-row-5 no-print nonhundred-percent-fullwidth non-hundred-percent-height-scrolling\" style=\"--awb-border-radius-top-left:0px;--awb-border-radius-top-right:0px;--awb-border-radius-bottom-right:0px;--awb-border-radius-bottom-left:0px;--awb-flex-wrap:wrap;\" ><div class=\"fusion-builder-row fusion-row\"><div class=\"fusion-layout-column fusion_builder_column fusion-builder-column-4 fusion_builder_column_1_1 1_1 fusion-one-full fusion-column-first fusion-column-last fusion-animated\" style=\"--awb-bg-size:cover;\" data-animationType=\"slideInLeft\" data-animationDuration=\"0.3\" data-animationOffset=\"top-into-view\"><div class=\"fusion-column-wrapper fusion-column-has-shadow fusion-flex-column-wrapper-legacy\"><div class=\"fusion-sharing-box fusion-sharing-box-1 has-taglines layout-floated layout-medium-floated layout-small-floated\" style=\"background-color:#f6f6f6;--awb-layout:row;--awb-alignment-small:space-between;\" data-title=\"Fruchtiger Avocado-Minz-Smoothie\" data-description=\"Zubereitung   \r\nSmoothies sind wohl der schnellste Weg um einen leckeren und gesunden Snack beziehungsweise eine kleine Mahlzeit zuzubereiten. Man braucht gerade mal eine Hand voll Zutaten, haut diese in einen Mixer und fertig ist euer Smoothie. Deswegen eignen sie sich super im stressigen\" data-link=\"https:\/\/www.lieblings-lisa.de\/?p=1129\"><h4 class=\"tagline\" style=\"color:#333333;\">Teile Dein Essen :<\/h4><div class=\"fusion-social-networks sharingbox-shortcode-icon-wrapper sharingbox-shortcode-icon-wrapper-1\"><span><a href=\"https:\/\/www.facebook.com\/sharer.php?u=https%3A%2F%2Fwww.lieblings-lisa.de%2F%3Fp%3D1129&amp;t=Fruchtiger%20Avocado-Minz-Smoothie\" target=\"_blank\" rel=\"noreferrer\" title=\"Facebook\" aria-label=\"Facebook\" data-placement=\"top\" data-toggle=\"tooltip\" data-title=\"Facebook\"><i class=\"fusion-social-network-icon fusion-tooltip fusion-facebook awb-icon-facebook\" style=\"color:#bebdbd;\" aria-hidden=\"true\"><\/i><\/a><\/span><span><a href=\"https:\/\/x.com\/intent\/post?text=Fruchtiger%20Avocado-Minz-Smoothie&amp;url=https%3A%2F%2Fwww.lieblings-lisa.de%2F%3Fp%3D1129\" target=\"_blank\" rel=\"noopener noreferrer\" title=\"X\" aria-label=\"X\" data-placement=\"top\" data-toggle=\"tooltip\" data-title=\"X\"><i class=\"fusion-social-network-icon fusion-tooltip fusion-twitter awb-icon-twitter\" style=\"color:#bebdbd;\" aria-hidden=\"true\"><\/i><\/a><\/span><span><a href=\"https:\/\/reddit.com\/submit?url=https%3A%2F%2Fwww.lieblings-lisa.de%2F%3Fp%3D1129&amp;title=Fruchtiger%20Avocado-Minz-Smoothie\" target=\"_blank\" rel=\"noopener noreferrer\" title=\"Reddit\" aria-label=\"Reddit\" data-placement=\"top\" data-toggle=\"tooltip\" data-title=\"Reddit\"><i class=\"fusion-social-network-icon fusion-tooltip fusion-reddit awb-icon-reddit\" style=\"color:#bebdbd;\" aria-hidden=\"true\"><\/i><\/a><\/span><span><a href=\"https:\/\/www.linkedin.com\/shareArticle?mini=true&amp;url=https%3A%2F%2Fwww.lieblings-lisa.de%2F%3Fp%3D1129&amp;title=Fruchtiger%20Avocado-Minz-Smoothie&amp;summary=Zubereitung%20%20%20%20%20%0D%0ASmoothies%20sind%20wohl%20der%20schnellste%20Weg%20um%20einen%20leckeren%20und%20gesunden%20Snack%20beziehungsweise%20eine%20kleine%20Mahlzeit%20zuzubereiten.%20Man%20braucht%20gerade%20mal%20eine%20Hand%20voll%20Zutaten%2C%20haut%20diese%20in%20einen%20Mixer%20und%20fertig%20ist%20euer%20Smoothie.%20Deswegen%20eignen%20sie%20sich%20super%20im%20stressigen\" target=\"_blank\" rel=\"noopener noreferrer\" title=\"LinkedIn\" aria-label=\"LinkedIn\" data-placement=\"top\" data-toggle=\"tooltip\" data-title=\"LinkedIn\"><i class=\"fusion-social-network-icon fusion-tooltip fusion-linkedin awb-icon-linkedin\" style=\"color:#bebdbd;\" aria-hidden=\"true\"><\/i><\/a><\/span><span><a href=\"https:\/\/api.whatsapp.com\/send?text=https%3A%2F%2Fwww.lieblings-lisa.de%2F%3Fp%3D1129\" target=\"_blank\" rel=\"noopener noreferrer\" title=\"WhatsApp\" aria-label=\"WhatsApp\" data-placement=\"top\" data-toggle=\"tooltip\" data-title=\"WhatsApp\"><i class=\"fusion-social-network-icon fusion-tooltip fusion-whatsapp awb-icon-whatsapp\" style=\"color:#bebdbd;\" aria-hidden=\"true\"><\/i><\/a><\/span><span><a href=\"https:\/\/www.tumblr.com\/share\/link?url=https%3A%2F%2Fwww.lieblings-lisa.de%2F%3Fp%3D1129&amp;name=Fruchtiger%20Avocado-Minz-Smoothie&amp;description=Zubereitung%20%20%20%20%20%0D%0ASmoothies%20sind%20wohl%20der%20schnellste%20Weg%20um%20einen%20leckeren%20und%20gesunden%20Snack%20beziehungsweise%20eine%20kleine%20Mahlzeit%20zuzubereiten.%20Man%20braucht%20gerade%20mal%20eine%20Hand%20voll%20Zutaten%2C%20haut%20diese%20in%20einen%20Mixer%20und%20fertig%20ist%20euer%20Smoothie.%20Deswegen%20eignen%20sie%20sich%20super%20im%20stressigen\" target=\"_blank\" rel=\"noopener noreferrer\" title=\"Tumblr\" aria-label=\"Tumblr\" data-placement=\"top\" data-toggle=\"tooltip\" data-title=\"Tumblr\"><i class=\"fusion-social-network-icon fusion-tooltip fusion-tumblr awb-icon-tumblr\" style=\"color:#bebdbd;\" aria-hidden=\"true\"><\/i><\/a><\/span><span><a href=\"https:\/\/pinterest.com\/pin\/create\/button\/?url=https%3A%2F%2Fwww.lieblings-lisa.de%2F%3Fp%3D1129&amp;description=Zubereitung%20%20%20%20%20%0D%0ASmoothies%20sind%20wohl%20der%20schnellste%20Weg%20um%20einen%20leckeren%20und%20gesunden%20Snack%20beziehungsweise%20eine%20kleine%20Mahlzeit%20zuzubereiten.%20Man%20braucht%20gerade%20mal%20eine%20Hand%20voll%20Zutaten%2C%20haut%20diese%20in%20einen%20Mixer%20und%20fertig%20ist%20euer%20Smoothie.%20Deswegen%20eignen%20sie%20sich%20super%20im%20stressigen&amp;media=\" target=\"_blank\" rel=\"noopener noreferrer\" title=\"Pinterest\" aria-label=\"Pinterest\" data-placement=\"top\" data-toggle=\"tooltip\" data-title=\"Pinterest\"><i class=\"fusion-social-network-icon fusion-tooltip fusion-pinterest awb-icon-pinterest\" style=\"color:#bebdbd;\" aria-hidden=\"true\"><\/i><\/a><\/span><span><a href=\"https:\/\/vkontakte.ru\/share.php?url=https%3A%2F%2Fwww.lieblings-lisa.de%2F%3Fp%3D1129&amp;title=Fruchtiger%20Avocado-Minz-Smoothie&amp;description=Zubereitung%20%20%20%20%20%0D%0ASmoothies%20sind%20wohl%20der%20schnellste%20Weg%20um%20einen%20leckeren%20und%20gesunden%20Snack%20beziehungsweise%20eine%20kleine%20Mahlzeit%20zuzubereiten.%20Man%20braucht%20gerade%20mal%20eine%20Hand%20voll%20Zutaten%2C%20haut%20diese%20in%20einen%20Mixer%20und%20fertig%20ist%20euer%20Smoothie.%20Deswegen%20eignen%20sie%20sich%20super%20im%20stressigen\" target=\"_blank\" rel=\"noopener noreferrer\" title=\"Vk\" aria-label=\"Vk\" data-placement=\"top\" data-toggle=\"tooltip\" data-title=\"Vk\"><i class=\"fusion-social-network-icon fusion-tooltip fusion-vk awb-icon-vk\" style=\"color:#bebdbd;\" aria-hidden=\"true\"><\/i><\/a><\/span><span><a href=\"mailto:?subject=Fruchtiger%20Avocado-Minz-Smoothie&amp;body=https%3A%2F%2Fwww.lieblings-lisa.de%2F%3Fp%3D1129\" target=\"_self\" title=\"E-Mail\" aria-label=\"E-Mail\" data-placement=\"top\" data-toggle=\"tooltip\" data-title=\"E-Mail\"><i class=\"fusion-social-network-icon fusion-tooltip fusion-mail awb-icon-mail\" style=\"color:#bebdbd;\" aria-hidden=\"true\"><\/i><\/a><\/span><\/div><\/div><div class=\"fusion-clearfix\"><\/div><\/div><\/div><\/div><\/div><\/p>\n","protected":false},"excerpt":{"rendered":"","protected":false},"author":1,"featured_media":0,"parent":0,"menu_order":0,"comment_status":"closed","ping_status":"closed","template":"100-width.php","meta":{"footnotes":""},"class_list":["post-3","page","type-page","status-publish","hentry"],"yoast_head":"<!-- This site is optimized with the Yoast SEO plugin v25.3.1 - https:\/\/yoast.com\/wordpress\/plugins\/seo\/ -->\n<title>Datenschutz - Lisas Lieblingsleckereien<\/title>\n<meta name=\"robots\" content=\"index, follow, max-snippet:-1, max-image-preview:large, max-video-preview:-1\" \/>\n<link rel=\"canonical\" href=\"https:\/\/www.lieblings-lisa.de\/?page_id=3\" \/>\n<meta property=\"og:locale\" content=\"de_DE\" \/>\n<meta property=\"og:type\" content=\"article\" \/>\n<meta property=\"og:title\" content=\"Datenschutz - Lisas Lieblingsleckereien\" \/>\n<meta property=\"og:url\" content=\"https:\/\/www.lieblings-lisa.de\/?page_id=3\" \/>\n<meta property=\"og:site_name\" content=\"Lisas Lieblingsleckereien\" \/>\n<meta property=\"article:modified_time\" content=\"2020-01-05T21:49:10+00:00\" \/>\n<meta name=\"twitter:card\" content=\"summary_large_image\" \/>\n<meta name=\"twitter:label1\" content=\"Gesch\u00e4tzte Lesezeit\" \/>\n\t<meta name=\"twitter:data1\" content=\"26\u00a0Minuten\" \/>\n<script type=\"application\/ld+json\" class=\"yoast-schema-graph\">{\"@context\":\"https:\/\/schema.org\",\"@graph\":[{\"@type\":\"WebPage\",\"@id\":\"https:\/\/www.lieblings-lisa.de\/?page_id=3\",\"url\":\"https:\/\/www.lieblings-lisa.de\/?page_id=3\",\"name\":\"Datenschutz - Lisas Lieblingsleckereien\",\"isPartOf\":{\"@id\":\"https:\/\/www.lieblings-lisa.de\/#website\"},\"datePublished\":\"2019-08-06T06:29:11+00:00\",\"dateModified\":\"2020-01-05T21:49:10+00:00\",\"breadcrumb\":{\"@id\":\"https:\/\/www.lieblings-lisa.de\/?page_id=3#breadcrumb\"},\"inLanguage\":\"de\",\"potentialAction\":[{\"@type\":\"ReadAction\",\"target\":[\"https:\/\/www.lieblings-lisa.de\/?page_id=3\"]}]},{\"@type\":\"BreadcrumbList\",\"@id\":\"https:\/\/www.lieblings-lisa.de\/?page_id=3#breadcrumb\",\"itemListElement\":[{\"@type\":\"ListItem\",\"position\":1,\"name\":\"Startseite\",\"item\":\"https:\/\/www.lieblings-lisa.de\/\"},{\"@type\":\"ListItem\",\"position\":2,\"name\":\"Datenschutz\"}]},{\"@type\":\"WebSite\",\"@id\":\"https:\/\/www.lieblings-lisa.de\/#website\",\"url\":\"https:\/\/www.lieblings-lisa.de\/\",\"name\":\"Lisas Lieblingsleckereien\",\"description\":\"Kulinarisches zum Nachkochen\",\"potentialAction\":[{\"@type\":\"SearchAction\",\"target\":{\"@type\":\"EntryPoint\",\"urlTemplate\":\"https:\/\/www.lieblings-lisa.de\/?s={search_term_string}\"},\"query-input\":{\"@type\":\"PropertyValueSpecification\",\"valueRequired\":true,\"valueName\":\"search_term_string\"}}],\"inLanguage\":\"de\"}]}<\/script>\n<!-- \/ Yoast SEO plugin. -->","yoast_head_json":{"title":"Datenschutz - Lisas Lieblingsleckereien","robots":{"index":"index","follow":"follow","max-snippet":"max-snippet:-1","max-image-preview":"max-image-preview:large","max-video-preview":"max-video-preview:-1"},"canonical":"https:\/\/www.lieblings-lisa.de\/?page_id=3","og_locale":"de_DE","og_type":"article","og_title":"Datenschutz - Lisas Lieblingsleckereien","og_url":"https:\/\/www.lieblings-lisa.de\/?page_id=3","og_site_name":"Lisas Lieblingsleckereien","article_modified_time":"2020-01-05T21:49:10+00:00","twitter_card":"summary_large_image","twitter_misc":{"Gesch\u00e4tzte Lesezeit":"26\u00a0Minuten"},"schema":{"@context":"https:\/\/schema.org","@graph":[{"@type":"WebPage","@id":"https:\/\/www.lieblings-lisa.de\/?page_id=3","url":"https:\/\/www.lieblings-lisa.de\/?page_id=3","name":"Datenschutz - Lisas Lieblingsleckereien","isPartOf":{"@id":"https:\/\/www.lieblings-lisa.de\/#website"},"datePublished":"2019-08-06T06:29:11+00:00","dateModified":"2020-01-05T21:49:10+00:00","breadcrumb":{"@id":"https:\/\/www.lieblings-lisa.de\/?page_id=3#breadcrumb"},"inLanguage":"de","potentialAction":[{"@type":"ReadAction","target":["https:\/\/www.lieblings-lisa.de\/?page_id=3"]}]},{"@type":"BreadcrumbList","@id":"https:\/\/www.lieblings-lisa.de\/?page_id=3#breadcrumb","itemListElement":[{"@type":"ListItem","position":1,"name":"Startseite","item":"https:\/\/www.lieblings-lisa.de\/"},{"@type":"ListItem","position":2,"name":"Datenschutz"}]},{"@type":"WebSite","@id":"https:\/\/www.lieblings-lisa.de\/#website","url":"https:\/\/www.lieblings-lisa.de\/","name":"Lisas Lieblingsleckereien","description":"Kulinarisches zum Nachkochen","potentialAction":[{"@type":"SearchAction","target":{"@type":"EntryPoint","urlTemplate":"https:\/\/www.lieblings-lisa.de\/?s={search_term_string}"},"query-input":{"@type":"PropertyValueSpecification","valueRequired":true,"valueName":"search_term_string"}}],"inLanguage":"de"}]}},"_links":{"self":[{"href":"https:\/\/www.lieblings-lisa.de\/index.php?rest_route=\/wp\/v2\/pages\/3","targetHints":{"allow":["GET"]}}],"collection":[{"href":"https:\/\/www.lieblings-lisa.de\/index.php?rest_route=\/wp\/v2\/pages"}],"about":[{"href":"https:\/\/www.lieblings-lisa.de\/index.php?rest_route=\/wp\/v2\/types\/page"}],"author":[{"embeddable":true,"href":"https:\/\/www.lieblings-lisa.de\/index.php?rest_route=\/wp\/v2\/users\/1"}],"replies":[{"embeddable":true,"href":"https:\/\/www.lieblings-lisa.de\/index.php?rest_route=%2Fwp%2Fv2%2Fcomments&post=3"}],"version-history":[{"count":2,"href":"https:\/\/www.lieblings-lisa.de\/index.php?rest_route=\/wp\/v2\/pages\/3\/revisions"}],"predecessor-version":[{"id":1021,"href":"https:\/\/www.lieblings-lisa.de\/index.php?rest_route=\/wp\/v2\/pages\/3\/revisions\/1021"}],"wp:attachment":[{"href":"https:\/\/www.lieblings-lisa.de\/index.php?rest_route=%2Fwp%2Fv2%2Fmedia&parent=3"}],"curies":[{"name":"wp","href":"https:\/\/api.w.org\/{rel}","templated":true}]}}